{"id":317,"date":"2022-05-29T15:15:09","date_gmt":"2022-05-29T15:15:09","guid":{"rendered":"https:\/\/www.terracuranda.org\/tc\/?page_id=317"},"modified":"2024-05-07T13:19:16","modified_gmt":"2024-05-07T13:19:16","slug":"equipo","status":"publish","type":"page","link":"https:\/\/www.terracuranda.org\/tc\/equipo\/","title":{"rendered":"Equipo"},"content":{"rendered":"\n<div class=\"wp-block-columns is-layout-flex wp-container-core-columns-is-layout-7387b849 wp-block-columns-is-layout-flex\">\n<div class=\"wp-block-column is-layout-flow wp-block-column-is-layout-flow\">\n<p class=\"wp-block-paragraph\"><strong>Mar\u00eda del Carmen Patricia Morales -Presidente<\/strong><\/p>\n\n\n\n<p class=\"wp-block-paragraph\">Profesora invitada de la Universidad de Lovaina, Instituto para la Cultura y Sociedad Europeas, B\u00e9lgica. <\/p>\n<\/div>\n\n\n\n<div class=\"wp-block-column is-layout-flow wp-block-column-is-layout-flow\">\n<figure class=\"wp-block-image size-full\"><img loading=\"lazy\" decoding=\"async\" width=\"300\" height=\"300\" src=\"https:\/\/www.terracuranda.org\/tc\/wp-content\/uploads\/2023\/10\/Patricia.jpg\" alt=\"\" class=\"wp-image-543\" srcset=\"https:\/\/www.terracuranda.org\/tc\/wp-content\/uploads\/2023\/10\/Patricia.jpg 300w, https:\/\/www.terracuranda.org\/tc\/wp-content\/uploads\/2023\/10\/Patricia-150x150.jpg 150w, https:\/\/www.terracuranda.org\/tc\/wp-content\/uploads\/2023\/10\/Patricia-24x24.jpg 24w, https:\/\/www.terracuranda.org\/tc\/wp-content\/uploads\/2023\/10\/Patricia-36x36.jpg 36w, https:\/\/www.terracuranda.org\/tc\/wp-content\/uploads\/2023\/10\/Patricia-48x48.jpg 48w\" sizes=\"auto, (max-width: 300px) 100vw, 300px\" \/><\/figure>\n<\/div>\n<\/div>\n\n\n\n<div class=\"wp-block-columns is-layout-flex wp-container-core-columns-is-layout-7387b849 wp-block-columns-is-layout-flex\">\n<div class=\"wp-block-column is-layout-flow wp-block-column-is-layout-flow\">\n<p class=\"wp-block-paragraph\"><strong>Alberto Ferral -Vicepresidente<\/strong><\/p>\n\n\n\n<p class=\"wp-block-paragraph\">Titular de la C\u00e1tedra UNESCO de Seguridad Humana &#8211; Universidad Blas Pascal, C\u00f3rdoba, Argentina<\/p>\n<\/div>\n\n\n\n<div class=\"wp-block-column is-layout-flow wp-block-column-is-layout-flow\">\n<figure class=\"wp-block-image size-full is-resized\"><img loading=\"lazy\" decoding=\"async\" width=\"500\" height=\"500\" src=\"https:\/\/www.terracuranda.org\/tc\/wp-content\/uploads\/2023\/10\/Alberto-Ferral-web.jpg\" alt=\"\" class=\"wp-image-544\" style=\"aspect-ratio:1;width:300px;height:auto\" srcset=\"https:\/\/www.terracuranda.org\/tc\/wp-content\/uploads\/2023\/10\/Alberto-Ferral-web.jpg 500w, https:\/\/www.terracuranda.org\/tc\/wp-content\/uploads\/2023\/10\/Alberto-Ferral-web-300x300.jpg 300w, https:\/\/www.terracuranda.org\/tc\/wp-content\/uploads\/2023\/10\/Alberto-Ferral-web-150x150.jpg 150w, https:\/\/www.terracuranda.org\/tc\/wp-content\/uploads\/2023\/10\/Alberto-Ferral-web-24x24.jpg 24w, https:\/\/www.terracuranda.org\/tc\/wp-content\/uploads\/2023\/10\/Alberto-Ferral-web-36x36.jpg 36w, https:\/\/www.terracuranda.org\/tc\/wp-content\/uploads\/2023\/10\/Alberto-Ferral-web-48x48.jpg 48w\" sizes=\"auto, (max-width: 500px) 100vw, 500px\" \/><\/figure>\n<\/div>\n<\/div>\n\n\n\n<div class=\"wp-block-columns is-layout-flex wp-container-core-columns-is-layout-7387b849 wp-block-columns-is-layout-flex\">\n<div class=\"wp-block-column is-layout-flow wp-block-column-is-layout-flow\">\n<p class=\"wp-block-paragraph\"><strong>Marcelo L. Morales Yokobori -Secretario<\/strong><\/p>\n\n\n\n<p class=\"wp-block-paragraph\">Profesor e investigador de la Universidad de Belgrano, Departamento de Biolog\u00eda, Buenos Aires, Argentina<\/p>\n<\/div>\n\n\n\n<div class=\"wp-block-column is-layout-flow wp-block-column-is-layout-flow\">\n<figure class=\"wp-block-image size-full is-resized\"><img loading=\"lazy\" decoding=\"async\" width=\"750\" height=\"750\" src=\"https:\/\/www.terracuranda.org\/tc\/wp-content\/uploads\/2024\/05\/Marcelo-15anosprofe.png\" alt=\"\" class=\"wp-image-770\" style=\"aspect-ratio:1.058139534883721;width:304px;height:auto\" srcset=\"https:\/\/www.terracuranda.org\/tc\/wp-content\/uploads\/2024\/05\/Marcelo-15anosprofe.png 750w, https:\/\/www.terracuranda.org\/tc\/wp-content\/uploads\/2024\/05\/Marcelo-15anosprofe-300x300.png 300w, https:\/\/www.terracuranda.org\/tc\/wp-content\/uploads\/2024\/05\/Marcelo-15anosprofe-150x150.png 150w, https:\/\/www.terracuranda.org\/tc\/wp-content\/uploads\/2024\/05\/Marcelo-15anosprofe-24x24.png 24w, https:\/\/www.terracuranda.org\/tc\/wp-content\/uploads\/2024\/05\/Marcelo-15anosprofe-36x36.png 36w, https:\/\/www.terracuranda.org\/tc\/wp-content\/uploads\/2024\/05\/Marcelo-15anosprofe-48x48.png 48w, https:\/\/www.terracuranda.org\/tc\/wp-content\/uploads\/2024\/05\/Marcelo-15anosprofe-560x560.png 560w\" sizes=\"auto, (max-width: 750px) 100vw, 750px\" \/><\/figure>\n<\/div>\n<\/div>\n","protected":false},"excerpt":{"rendered":"<p>Mar\u00eda del Carmen Patricia Morales -Presidente Profesora invitada de la Universidad de Lovaina, Instituto para la Cultura y Sociedad Europeas, B\u00e9lgica. Alberto Ferral -Vicepresidente Titular de la C\u00e1tedra UNESCO de Seguridad Humana &#8211; Universidad Blas Pascal, C\u00f3rdoba, Argentina Marcelo L. Morales Yokobori -Secretario Profesor e investigador de la Universidad de Belgrano, Departamento de Biolog\u00eda, Buenos [&hellip;]<\/p>\n","protected":false},"author":3,"featured_media":0,"parent":0,"menu_order":0,"comment_status":"closed","ping_status":"closed","template":"","meta":{"footnotes":""},"class_list":["post-317","page","type-page","status-publish","hentry"],"yoast_head":"<!-- This site is optimized with the Yoast SEO plugin v28.3 - https:\/\/yoast.com\/product\/yoast-seo-wordpress\/ -->\n<title>Equipo - Cuidemos el planeta<\/title>\n<meta name=\"robots\" content=\"index, follow, max-snippet:-1, max-image-preview:large, max-video-preview:-1\" \/>\n<link rel=\"canonical\" href=\"https:\/\/www.terracuranda.org\/tc\/equipo\/\" \/>\n<meta property=\"og:locale\" content=\"es_ES\" \/>\n<meta property=\"og:type\" content=\"article\" \/>\n<meta property=\"og:title\" content=\"Equipo - Cuidemos el planeta\" \/>\n<meta property=\"og:description\" content=\"Mar\u00eda del Carmen Patricia Morales -Presidente Profesora invitada de la Universidad de Lovaina, Instituto para la Cultura y Sociedad Europeas, B\u00e9lgica. Alberto Ferral -Vicepresidente Titular de la C\u00e1tedra UNESCO de Seguridad Humana &#8211; Universidad Blas Pascal, C\u00f3rdoba, Argentina Marcelo L. Morales Yokobori -Secretario Profesor e investigador de la Universidad de Belgrano, Departamento de Biolog\u00eda, Buenos [&hellip;]\" \/>\n<meta property=\"og:url\" content=\"https:\/\/www.terracuranda.org\/tc\/equipo\/\" \/>\n<meta property=\"og:site_name\" content=\"Cuidemos el planeta\" \/>\n<meta property=\"article:modified_time\" content=\"2024-05-07T13:19:16+00:00\" \/>\n<meta property=\"og:image\" content=\"https:\/\/www.terracuranda.org\/tc\/wp-content\/uploads\/2023\/10\/Patricia.jpg\" \/>\n\t<meta property=\"og:image:width\" content=\"300\" \/>\n\t<meta property=\"og:image:height\" content=\"300\" \/>\n\t<meta property=\"og:image:type\" content=\"image\/jpeg\" \/>\n<meta name=\"twitter:card\" content=\"summary_large_image\" \/>\n<script type=\"application\/ld+json\" class=\"yoast-schema-graph\">{\"@context\":\"https:\\\/\\\/schema.org\",\"@graph\":[{\"@type\":\"WebPage\",\"@id\":\"https:\\\/\\\/www.terracuranda.org\\\/tc\\\/equipo\\\/\",\"url\":\"https:\\\/\\\/www.terracuranda.org\\\/tc\\\/equipo\\\/\",\"name\":\"Equipo - Cuidemos el planeta\",\"isPartOf\":{\"@id\":\"https:\\\/\\\/www.terracuranda.org\\\/tc\\\/#website\"},\"primaryImageOfPage\":{\"@id\":\"https:\\\/\\\/www.terracuranda.org\\\/tc\\\/equipo\\\/#primaryimage\"},\"image\":{\"@id\":\"https:\\\/\\\/www.terracuranda.org\\\/tc\\\/equipo\\\/#primaryimage\"},\"thumbnailUrl\":\"https:\\\/\\\/www.terracuranda.org\\\/tc\\\/wp-content\\\/uploads\\\/2023\\\/10\\\/Patricia.jpg\",\"datePublished\":\"2022-05-29T15:15:09+00:00\",\"dateModified\":\"2024-05-07T13:19:16+00:00\",\"breadcrumb\":{\"@id\":\"https:\\\/\\\/www.terracuranda.org\\\/tc\\\/equipo\\\/#breadcrumb\"},\"inLanguage\":\"es\",\"potentialAction\":[{\"@type\":\"ReadAction\",\"target\":[\"https:\\\/\\\/www.terracuranda.org\\\/tc\\\/equipo\\\/\"]}]},{\"@type\":\"ImageObject\",\"inLanguage\":\"es\",\"@id\":\"https:\\\/\\\/www.terracuranda.org\\\/tc\\\/equipo\\\/#primaryimage\",\"url\":\"https:\\\/\\\/www.terracuranda.org\\\/tc\\\/wp-content\\\/uploads\\\/2023\\\/10\\\/Patricia.jpg\",\"contentUrl\":\"https:\\\/\\\/www.terracuranda.org\\\/tc\\\/wp-content\\\/uploads\\\/2023\\\/10\\\/Patricia.jpg\",\"width\":300,\"height\":300},{\"@type\":\"BreadcrumbList\",\"@id\":\"https:\\\/\\\/www.terracuranda.org\\\/tc\\\/equipo\\\/#breadcrumb\",\"itemListElement\":[{\"@type\":\"ListItem\",\"position\":1,\"name\":\"Portada\",\"item\":\"https:\\\/\\\/www.terracuranda.org\\\/tc\\\/\"},{\"@type\":\"ListItem\",\"position\":2,\"name\":\"Equipo\"}]},{\"@type\":\"WebSite\",\"@id\":\"https:\\\/\\\/www.terracuranda.org\\\/tc\\\/#website\",\"url\":\"https:\\\/\\\/www.terracuranda.org\\\/tc\\\/\",\"name\":\"Cuidemos el planeta\",\"description\":\"The Earth should be cared\",\"publisher\":{\"@id\":\"https:\\\/\\\/www.terracuranda.org\\\/tc\\\/#organization\"},\"potentialAction\":[{\"@type\":\"SearchAction\",\"target\":{\"@type\":\"EntryPoint\",\"urlTemplate\":\"https:\\\/\\\/www.terracuranda.org\\\/tc\\\/?s={search_term_string}\"},\"query-input\":{\"@type\":\"PropertyValueSpecification\",\"valueRequired\":true,\"valueName\":\"search_term_string\"}}],\"inLanguage\":\"es\"},{\"@type\":\"Organization\",\"@id\":\"https:\\\/\\\/www.terracuranda.org\\\/tc\\\/#organization\",\"name\":\"Cuidemos el planeta\",\"url\":\"https:\\\/\\\/www.terracuranda.org\\\/tc\\\/\",\"logo\":{\"@type\":\"ImageObject\",\"inLanguage\":\"es\",\"@id\":\"https:\\\/\\\/www.terracuranda.org\\\/tc\\\/#\\\/schema\\\/logo\\\/image\\\/\",\"url\":\"https:\\\/\\\/www.terracuranda.org\\\/tc\\\/wp-content\\\/uploads\\\/2021\\\/12\\\/cropped-Logo-2014-mediano-2.png\",\"contentUrl\":\"https:\\\/\\\/www.terracuranda.org\\\/tc\\\/wp-content\\\/uploads\\\/2021\\\/12\\\/cropped-Logo-2014-mediano-2.png\",\"width\":535,\"height\":395,\"caption\":\"Cuidemos el planeta\"},\"image\":{\"@id\":\"https:\\\/\\\/www.terracuranda.org\\\/tc\\\/#\\\/schema\\\/logo\\\/image\\\/\"}}]}<\/script>\n<!-- \/ Yoast SEO plugin. -->","yoast_head_json":{"title":"Equipo - Cuidemos el planeta","robots":{"index":"index","follow":"follow","max-snippet":"max-snippet:-1","max-image-preview":"max-image-preview:large","max-video-preview":"max-video-preview:-1"},"canonical":"https:\/\/www.terracuranda.org\/tc\/equipo\/","og_locale":"es_ES","og_type":"article","og_title":"Equipo - Cuidemos el planeta","og_description":"Mar\u00eda del Carmen Patricia Morales -Presidente Profesora invitada de la Universidad de Lovaina, Instituto para la Cultura y Sociedad Europeas, B\u00e9lgica. Alberto Ferral -Vicepresidente Titular de la C\u00e1tedra UNESCO de Seguridad Humana &#8211; Universidad Blas Pascal, C\u00f3rdoba, Argentina Marcelo L. Morales Yokobori -Secretario Profesor e investigador de la Universidad de Belgrano, Departamento de Biolog\u00eda, Buenos [&hellip;]","og_url":"https:\/\/www.terracuranda.org\/tc\/equipo\/","og_site_name":"Cuidemos el planeta","article_modified_time":"2024-05-07T13:19:16+00:00","og_image":[{"width":300,"height":300,"url":"https:\/\/www.terracuranda.org\/tc\/wp-content\/uploads\/2023\/10\/Patricia.jpg","type":"image\/jpeg"}],"twitter_card":"summary_large_image","schema":{"@context":"https:\/\/schema.org","@graph":[{"@type":"WebPage","@id":"https:\/\/www.terracuranda.org\/tc\/equipo\/","url":"https:\/\/www.terracuranda.org\/tc\/equipo\/","name":"Equipo - Cuidemos el planeta","isPartOf":{"@id":"https:\/\/www.terracuranda.org\/tc\/#website"},"primaryImageOfPage":{"@id":"https:\/\/www.terracuranda.org\/tc\/equipo\/#primaryimage"},"image":{"@id":"https:\/\/www.terracuranda.org\/tc\/equipo\/#primaryimage"},"thumbnailUrl":"https:\/\/www.terracuranda.org\/tc\/wp-content\/uploads\/2023\/10\/Patricia.jpg","datePublished":"2022-05-29T15:15:09+00:00","dateModified":"2024-05-07T13:19:16+00:00","breadcrumb":{"@id":"https:\/\/www.terracuranda.org\/tc\/equipo\/#breadcrumb"},"inLanguage":"es","potentialAction":[{"@type":"ReadAction","target":["https:\/\/www.terracuranda.org\/tc\/equipo\/"]}]},{"@type":"ImageObject","inLanguage":"es","@id":"https:\/\/www.terracuranda.org\/tc\/equipo\/#primaryimage","url":"https:\/\/www.terracuranda.org\/tc\/wp-content\/uploads\/2023\/10\/Patricia.jpg","contentUrl":"https:\/\/www.terracuranda.org\/tc\/wp-content\/uploads\/2023\/10\/Patricia.jpg","width":300,"height":300},{"@type":"BreadcrumbList","@id":"https:\/\/www.terracuranda.org\/tc\/equipo\/#breadcrumb","itemListElement":[{"@type":"ListItem","position":1,"name":"Portada","item":"https:\/\/www.terracuranda.org\/tc\/"},{"@type":"ListItem","position":2,"name":"Equipo"}]},{"@type":"WebSite","@id":"https:\/\/www.terracuranda.org\/tc\/#website","url":"https:\/\/www.terracuranda.org\/tc\/","name":"Cuidemos el planeta","description":"The Earth should be cared","publisher":{"@id":"https:\/\/www.terracuranda.org\/tc\/#organization"},"potentialAction":[{"@type":"SearchAction","target":{"@type":"EntryPoint","urlTemplate":"https:\/\/www.terracuranda.org\/tc\/?s={search_term_string}"},"query-input":{"@type":"PropertyValueSpecification","valueRequired":true,"valueName":"search_term_string"}}],"inLanguage":"es"},{"@type":"Organization","@id":"https:\/\/www.terracuranda.org\/tc\/#organization","name":"Cuidemos el planeta","url":"https:\/\/www.terracuranda.org\/tc\/","logo":{"@type":"ImageObject","inLanguage":"es","@id":"https:\/\/www.terracuranda.org\/tc\/#\/schema\/logo\/image\/","url":"https:\/\/www.terracuranda.org\/tc\/wp-content\/uploads\/2021\/12\/cropped-Logo-2014-mediano-2.png","contentUrl":"https:\/\/www.terracuranda.org\/tc\/wp-content\/uploads\/2021\/12\/cropped-Logo-2014-mediano-2.png","width":535,"height":395,"caption":"Cuidemos el planeta"},"image":{"@id":"https:\/\/www.terracuranda.org\/tc\/#\/schema\/logo\/image\/"}}]}},"_links":{"self":[{"href":"https:\/\/www.terracuranda.org\/tc\/wp-json\/wp\/v2\/pages\/317","targetHints":{"allow":["GET"]}}],"collection":[{"href":"https:\/\/www.terracuranda.org\/tc\/wp-json\/wp\/v2\/pages"}],"about":[{"href":"https:\/\/www.terracuranda.org\/tc\/wp-json\/wp\/v2\/types\/page"}],"author":[{"embeddable":true,"href":"https:\/\/www.terracuranda.org\/tc\/wp-json\/wp\/v2\/users\/3"}],"replies":[{"embeddable":true,"href":"https:\/\/www.terracuranda.org\/tc\/wp-json\/wp\/v2\/comments?post=317"}],"version-history":[{"count":9,"href":"https:\/\/www.terracuranda.org\/tc\/wp-json\/wp\/v2\/pages\/317\/revisions"}],"predecessor-version":[{"id":771,"href":"https:\/\/www.terracuranda.org\/tc\/wp-json\/wp\/v2\/pages\/317\/revisions\/771"}],"wp:attachment":[{"href":"https:\/\/www.terracuranda.org\/tc\/wp-json\/wp\/v2\/media?parent=317"}],"curies":[{"name":"wp","href":"https:\/\/api.w.org\/{rel}","templated":true}]}}