{"id":723,"date":"2024-05-06T23:47:04","date_gmt":"2024-05-06T23:47:04","guid":{"rendered":"https:\/\/www.terracuranda.org\/tc\/?page_id=723"},"modified":"2024-09-21T14:17:30","modified_gmt":"2024-09-21T14:17:30","slug":"ecosistema","status":"publish","type":"page","link":"https:\/\/www.terracuranda.org\/tc\/ecosistema\/","title":{"rendered":"Intervenci\u00f3n de los humanos e impacto en el ecosistema"},"content":{"rendered":"\n<div class=\"wp-block-columns alignwide is-layout-flex wp-container-core-columns-is-layout-7387b849 wp-block-columns-is-layout-flex\">\n<div class=\"wp-block-column is-layout-flow wp-block-column-is-layout-flow\" style=\"flex-basis:25%\">\n<figure class=\"wp-block-image size-full\"><img loading=\"lazy\" decoding=\"async\" width=\"512\" height=\"512\" src=\"https:\/\/www.terracuranda.org\/tc\/wp-content\/uploads\/2021\/12\/cropped-Logo-2014-mediano-3.png\" alt=\"\" class=\"wp-image-265\" srcset=\"https:\/\/www.terracuranda.org\/tc\/wp-content\/uploads\/2021\/12\/cropped-Logo-2014-mediano-3.png 512w, https:\/\/www.terracuranda.org\/tc\/wp-content\/uploads\/2021\/12\/cropped-Logo-2014-mediano-3-300x300.png 300w, https:\/\/www.terracuranda.org\/tc\/wp-content\/uploads\/2021\/12\/cropped-Logo-2014-mediano-3-150x150.png 150w, https:\/\/www.terracuranda.org\/tc\/wp-content\/uploads\/2021\/12\/cropped-Logo-2014-mediano-3-270x270.png 270w, https:\/\/www.terracuranda.org\/tc\/wp-content\/uploads\/2021\/12\/cropped-Logo-2014-mediano-3-192x192.png 192w, https:\/\/www.terracuranda.org\/tc\/wp-content\/uploads\/2021\/12\/cropped-Logo-2014-mediano-3-180x180.png 180w, https:\/\/www.terracuranda.org\/tc\/wp-content\/uploads\/2021\/12\/cropped-Logo-2014-mediano-3-32x32.png 32w\" sizes=\"auto, (max-width: 512px) 100vw, 512px\" \/><\/figure>\n<\/div>\n\n\n\n<div class=\"wp-block-column is-vertically-aligned-center is-layout-flow wp-block-column-is-layout-flow\" style=\"flex-basis:50%\">\n<h5 class=\"wp-block-heading has-text-align-center\"><strong>Realizadas por Terra curanda y emitidas por Radio Alma, FM 101.9 de Bruselas, y por Internet en www.radioalma.be<\/strong><\/h5>\n\n\n\n<h5 class=\"wp-block-heading has-text-align-center\"><strong>Proyecto ERASMUS K2 MAYORES EMBAJADORES<\/strong><\/h5>\n<\/div>\n\n\n\n<div class=\"wp-block-column is-layout-flow wp-block-column-is-layout-flow\" style=\"flex-basis:25%\">\n<figure class=\"wp-block-image size-full\"><img loading=\"lazy\" decoding=\"async\" width=\"803\" height=\"767\" src=\"https:\/\/www.terracuranda.org\/tc\/wp-content\/uploads\/2023\/05\/LOGO-ERASMUS.jpeg\" alt=\"\" class=\"wp-image-474\" srcset=\"https:\/\/www.terracuranda.org\/tc\/wp-content\/uploads\/2023\/05\/LOGO-ERASMUS.jpeg 803w, https:\/\/www.terracuranda.org\/tc\/wp-content\/uploads\/2023\/05\/LOGO-ERASMUS-300x287.jpeg 300w, https:\/\/www.terracuranda.org\/tc\/wp-content\/uploads\/2023\/05\/LOGO-ERASMUS-768x734.jpeg 768w, https:\/\/www.terracuranda.org\/tc\/wp-content\/uploads\/2023\/05\/LOGO-ERASMUS-24x24.jpeg 24w, https:\/\/www.terracuranda.org\/tc\/wp-content\/uploads\/2023\/05\/LOGO-ERASMUS-36x34.jpeg 36w, https:\/\/www.terracuranda.org\/tc\/wp-content\/uploads\/2023\/05\/LOGO-ERASMUS-48x46.jpeg 48w\" sizes=\"auto, (max-width: 803px) 100vw, 803px\" \/><\/figure>\n<\/div>\n<\/div>\n\n\n\n<div class=\"wp-block-group alignwide\"><div class=\"wp-block-group__inner-container is-layout-constrained wp-block-group-is-layout-constrained\">\n<div class=\"wp-block-columns is-layout-flex wp-container-core-columns-is-layout-7387b849 wp-block-columns-is-layout-flex\">\n<div class=\"wp-block-column is-layout-flow wp-block-column-is-layout-flow\" style=\"flex-basis:100%\">\n<div class=\"wp-block-group\"><div class=\"wp-block-group__inner-container is-layout-constrained wp-block-group-is-layout-constrained\">\n<div class=\"wp-block-columns alignwide is-layout-flex wp-container-core-columns-is-layout-7387b849 wp-block-columns-is-layout-flex\">\n<div class=\"wp-block-column is-layout-flow wp-block-column-is-layout-flow\" style=\"flex-basis:100%\">\n<div class=\"wp-block-columns alignwide is-layout-flex wp-container-core-columns-is-layout-7387b849 wp-block-columns-is-layout-flex\">\n<div class=\"wp-block-column is-layout-flow wp-block-column-is-layout-flow\">\n<h2 class=\"wp-block-heading\">Alberto Ferral<\/h2>\n\n\n\n<figure class=\"wp-block-image size-full is-resized\"><img loading=\"lazy\" decoding=\"async\" width=\"251\" height=\"334\" src=\"https:\/\/www.terracuranda.org\/tc\/wp-content\/uploads\/2024\/09\/Alberto-Ferral.jpg\" alt=\"\" class=\"wp-image-880\" style=\"width:402px;height:auto\" srcset=\"https:\/\/www.terracuranda.org\/tc\/wp-content\/uploads\/2024\/09\/Alberto-Ferral.jpg 251w, https:\/\/www.terracuranda.org\/tc\/wp-content\/uploads\/2024\/09\/Alberto-Ferral-225x300.jpg 225w\" sizes=\"auto, (max-width: 251px) 100vw, 251px\" \/><\/figure>\n\n\n\n<figure class=\"wp-block-audio\"><audio controls src=\"https:\/\/www.terracuranda.org\/tc\/P2030-emisiones\/Planeta2030240902.mp3\"><\/audio><\/figure>\n\n\n\n<p class=\"wp-block-paragraph\"><strong>2 de septiembre 2024<\/strong><\/p>\n\n\n\n<p class=\"wp-block-paragraph\">El Catedr\u00e1tico UNESCO en seguridad humana, Prof. Qu\u00edmico Alberto Ferral.<\/p>\n\n\n\n<h2 class=\"wp-block-heading\">Obdulio Menghi<\/h2>\n\n\n\n<figure class=\"wp-block-image size-large is-resized\"><img loading=\"lazy\" decoding=\"async\" width=\"1024\" height=\"902\" src=\"https:\/\/www.terracuranda.org\/tc\/wp-content\/uploads\/2024\/08\/Imagen-de-WhatsApp-2024-08-01-a-las-13.02.07_bb01a80e-1024x902.jpg\" alt=\"\" class=\"wp-image-843\" style=\"width:402px;height:auto\" srcset=\"https:\/\/www.terracuranda.org\/tc\/wp-content\/uploads\/2024\/08\/Imagen-de-WhatsApp-2024-08-01-a-las-13.02.07_bb01a80e-1024x902.jpg 1024w, https:\/\/www.terracuranda.org\/tc\/wp-content\/uploads\/2024\/08\/Imagen-de-WhatsApp-2024-08-01-a-las-13.02.07_bb01a80e-300x264.jpg 300w, https:\/\/www.terracuranda.org\/tc\/wp-content\/uploads\/2024\/08\/Imagen-de-WhatsApp-2024-08-01-a-las-13.02.07_bb01a80e-768x676.jpg 768w, https:\/\/www.terracuranda.org\/tc\/wp-content\/uploads\/2024\/08\/Imagen-de-WhatsApp-2024-08-01-a-las-13.02.07_bb01a80e-24x21.jpg 24w, https:\/\/www.terracuranda.org\/tc\/wp-content\/uploads\/2024\/08\/Imagen-de-WhatsApp-2024-08-01-a-las-13.02.07_bb01a80e-36x32.jpg 36w, https:\/\/www.terracuranda.org\/tc\/wp-content\/uploads\/2024\/08\/Imagen-de-WhatsApp-2024-08-01-a-las-13.02.07_bb01a80e-48x42.jpg 48w, https:\/\/www.terracuranda.org\/tc\/wp-content\/uploads\/2024\/08\/Imagen-de-WhatsApp-2024-08-01-a-las-13.02.07_bb01a80e.jpg 1138w\" sizes=\"auto, (max-width: 1024px) 100vw, 1024px\" \/><\/figure>\n\n\n\n<figure class=\"wp-block-audio\"><audio controls src=\"https:\/\/www.terracuranda.org\/tc\/P2030-emisiones\/Planeta2030240826.mp3\"><\/audio><\/figure>\n\n\n\n<p class=\"wp-block-paragraph\"><strong>26 de agosto 2024<\/strong><\/p>\n\n\n\n<p class=\"wp-block-paragraph\">El Dr. Obdulio Menghi es un destacado experto en conservaci\u00f3n, conocido por su rol como jefe cient\u00edfico de la Convenci\u00f3n sobre el Comercio Internacional de Especies Amenazadas de Fauna y Flora Silvestres (CITES) y por ser el creador de la Fundaci\u00f3n Biodiversidad Argentina. Incansable en su lucha por el bienestar de las personas y la protecci\u00f3n de especies en peligro y sus h\u00e1bitats naturales, sigue activo enfrentando nuevos desaf\u00edos para garantizar un futuro sostenible, demostrando un compromiso constante con la preservaci\u00f3n de la biodiversidad.<\/p>\n\n\n\n<h2 class=\"wp-block-heading\">Antonio Guti\u00e9rrez<\/h2>\n\n\n\n<figure class=\"wp-block-image alignwide size-full\"><img loading=\"lazy\" decoding=\"async\" width=\"362\" height=\"362\" src=\"https:\/\/www.terracuranda.org\/tc\/wp-content\/uploads\/2024\/05\/Antonio-Gutierrez.jpg\" alt=\"\" class=\"wp-image-727\" srcset=\"https:\/\/www.terracuranda.org\/tc\/wp-content\/uploads\/2024\/05\/Antonio-Gutierrez.jpg 362w, https:\/\/www.terracuranda.org\/tc\/wp-content\/uploads\/2024\/05\/Antonio-Gutierrez-300x300.jpg 300w, https:\/\/www.terracuranda.org\/tc\/wp-content\/uploads\/2024\/05\/Antonio-Gutierrez-150x150.jpg 150w, https:\/\/www.terracuranda.org\/tc\/wp-content\/uploads\/2024\/05\/Antonio-Gutierrez-24x24.jpg 24w, https:\/\/www.terracuranda.org\/tc\/wp-content\/uploads\/2024\/05\/Antonio-Gutierrez-36x36.jpg 36w, https:\/\/www.terracuranda.org\/tc\/wp-content\/uploads\/2024\/05\/Antonio-Gutierrez-48x48.jpg 48w\" sizes=\"auto, (max-width: 362px) 100vw, 362px\" \/><\/figure>\n\n\n\n<figure class=\"wp-block-audio\"><audio controls src=\"https:\/\/www.terracuranda.org\/tc\/L0-emisiones\/Latitud0230404.mp3\"><\/audio><\/figure>\n\n\n\n<p class=\"wp-block-paragraph\"><strong>4 de abril 2023<\/strong><\/p>\n\n\n\n<p class=\"wp-block-paragraph\">Dialogamos con el profesor de filosof\u00eda Antonio Guti\u00e9rrez, quien comparte su pedagog\u00eda desde las Islas Canarias, y en donde invita a sus alumnos a repensar las preguntas esenciales de la vida y los orienta a cuidar de la naturaleza y la cultura que los rodea. Esta entrevista contribuye al Proyecto Erasmus Mayores Embajadores<\/p>\n\n\n\n<h2 class=\"wp-block-heading\">Miguel \u00c1ngel Martin L\u00f3pez<\/h2>\n\n\n\n<figure class=\"wp-block-image alignwide size-full\"><img loading=\"lazy\" decoding=\"async\" width=\"289\" height=\"290\" src=\"https:\/\/www.terracuranda.org\/tc\/wp-content\/uploads\/2024\/05\/Miguel-Angel-Martin-Lopez.jpg\" alt=\"\" class=\"wp-image-729\" srcset=\"https:\/\/www.terracuranda.org\/tc\/wp-content\/uploads\/2024\/05\/Miguel-Angel-Martin-Lopez.jpg 289w, https:\/\/www.terracuranda.org\/tc\/wp-content\/uploads\/2024\/05\/Miguel-Angel-Martin-Lopez-150x150.jpg 150w, https:\/\/www.terracuranda.org\/tc\/wp-content\/uploads\/2024\/05\/Miguel-Angel-Martin-Lopez-24x24.jpg 24w, https:\/\/www.terracuranda.org\/tc\/wp-content\/uploads\/2024\/05\/Miguel-Angel-Martin-Lopez-36x36.jpg 36w, https:\/\/www.terracuranda.org\/tc\/wp-content\/uploads\/2024\/05\/Miguel-Angel-Martin-Lopez-48x48.jpg 48w\" sizes=\"auto, (max-width: 289px) 100vw, 289px\" \/><\/figure>\n\n\n\n<figure class=\"wp-block-audio\"><audio controls src=\"https:\/\/www.terracuranda.org\/tc\/L0-emisiones\/Latitud0230711.mp3\"><\/audio><\/figure>\n\n\n\n<p class=\"wp-block-paragraph\"><strong>11 de julio 2023<\/strong><\/p>\n\n\n\n<p class=\"wp-block-paragraph\">Miguel \u00c1ngel Martin L\u00f3pez, profesor de la Universidad de Sevilla, sobre el Observatorio del Derecho a la Alimentaci\u00f3n de Espa\u00f1a y la cooperaci\u00f3n con \u00c1frica sobre temas de calidad de los alimentos y la llamada hambre 0.<\/p>\n\n\n\n<h2 class=\"wp-block-heading\">Patricia Pereyro y Marcelo Leguizam\u00f3n<\/h2>\n\n\n\n<figure class=\"wp-block-image alignwide size-full\"><img loading=\"lazy\" decoding=\"async\" width=\"326\" height=\"326\" src=\"https:\/\/www.terracuranda.org\/tc\/wp-content\/uploads\/2024\/05\/Patricia-Pereyro-y-Marcelo-Leguizamon.jpg\" alt=\"\" class=\"wp-image-733\" srcset=\"https:\/\/www.terracuranda.org\/tc\/wp-content\/uploads\/2024\/05\/Patricia-Pereyro-y-Marcelo-Leguizamon.jpg 326w, https:\/\/www.terracuranda.org\/tc\/wp-content\/uploads\/2024\/05\/Patricia-Pereyro-y-Marcelo-Leguizamon-300x300.jpg 300w, https:\/\/www.terracuranda.org\/tc\/wp-content\/uploads\/2024\/05\/Patricia-Pereyro-y-Marcelo-Leguizamon-150x150.jpg 150w, https:\/\/www.terracuranda.org\/tc\/wp-content\/uploads\/2024\/05\/Patricia-Pereyro-y-Marcelo-Leguizamon-24x24.jpg 24w, https:\/\/www.terracuranda.org\/tc\/wp-content\/uploads\/2024\/05\/Patricia-Pereyro-y-Marcelo-Leguizamon-36x36.jpg 36w, https:\/\/www.terracuranda.org\/tc\/wp-content\/uploads\/2024\/05\/Patricia-Pereyro-y-Marcelo-Leguizamon-48x48.jpg 48w\" sizes=\"auto, (max-width: 326px) 100vw, 326px\" \/><\/figure>\n\n\n\n<figure class=\"wp-block-audio\"><audio controls src=\"https:\/\/www.terracuranda.org\/tc\/P2030-emisiones\/Planeta2030230116.mp3\"><\/audio><\/figure>\n\n\n\n<p class=\"wp-block-paragraph\"><strong>16 de enero 2023<\/strong><\/p>\n\n\n\n<p class=\"wp-block-paragraph\">En Latitud 0 dialogamos con la Prof. de letras Patricia Pereyro de la Asociaci\u00f3n Coincidir Asociaci\u00f3n Civil de Argentina y el maestro rural y formador de formadores Marcelo Leguizam\u00f3n de Santiago del Estero.<\/p>\n\n\n\n<h2 class=\"wp-block-heading\">Mario Mendiondo<\/h2>\n\n\n\n<figure class=\"wp-block-image alignwide size-full\"><img loading=\"lazy\" decoding=\"async\" width=\"317\" height=\"317\" src=\"https:\/\/www.terracuranda.org\/tc\/wp-content\/uploads\/2024\/05\/Mario-Mendiondo.jpg\" alt=\"\" class=\"wp-image-735\" srcset=\"https:\/\/www.terracuranda.org\/tc\/wp-content\/uploads\/2024\/05\/Mario-Mendiondo.jpg 317w, https:\/\/www.terracuranda.org\/tc\/wp-content\/uploads\/2024\/05\/Mario-Mendiondo-300x300.jpg 300w, https:\/\/www.terracuranda.org\/tc\/wp-content\/uploads\/2024\/05\/Mario-Mendiondo-150x150.jpg 150w, https:\/\/www.terracuranda.org\/tc\/wp-content\/uploads\/2024\/05\/Mario-Mendiondo-24x24.jpg 24w, https:\/\/www.terracuranda.org\/tc\/wp-content\/uploads\/2024\/05\/Mario-Mendiondo-36x36.jpg 36w, https:\/\/www.terracuranda.org\/tc\/wp-content\/uploads\/2024\/05\/Mario-Mendiondo-48x48.jpg 48w\" sizes=\"auto, (max-width: 317px) 100vw, 317px\" \/><\/figure>\n\n\n\n<figure class=\"wp-block-audio\"><audio controls src=\"https:\/\/www.terracuranda.org\/tc\/P2030-emisiones\/Planeta2030221205.mp3\"><\/audio><\/figure>\n\n\n\n<p class=\"wp-block-paragraph\"><strong>5 de diciembre 2022<\/strong><\/p>\n\n\n\n<p class=\"wp-block-paragraph\">En Planeta 2030 dialogamos con el Prof. Mario Mendiondo de la Univ. de Sao Paulo sobre el derecho humano al agua, y el ejemplo de los desaf\u00edos para abastecer con aguas urbanas y mantener la pureza del acu\u00edfero guaran\u00ed<\/p>\n<\/div>\n\n\n\n<div class=\"wp-block-column is-layout-flow wp-block-column-is-layout-flow\">\n<h2 class=\"wp-block-heading\">Obdulio Menghi<\/h2>\n\n\n\n<figure class=\"wp-block-image size-full is-resized\"><img loading=\"lazy\" decoding=\"async\" width=\"318\" height=\"318\" src=\"https:\/\/www.terracuranda.org\/tc\/wp-content\/uploads\/2024\/09\/Obdulio-Menghi.jpg\" alt=\"\" class=\"wp-image-878\" style=\"width:402px;height:auto\" srcset=\"https:\/\/www.terracuranda.org\/tc\/wp-content\/uploads\/2024\/09\/Obdulio-Menghi.jpg 318w, https:\/\/www.terracuranda.org\/tc\/wp-content\/uploads\/2024\/09\/Obdulio-Menghi-300x300.jpg 300w, https:\/\/www.terracuranda.org\/tc\/wp-content\/uploads\/2024\/09\/Obdulio-Menghi-150x150.jpg 150w\" sizes=\"auto, (max-width: 318px) 100vw, 318px\" \/><\/figure>\n\n\n\n<figure class=\"wp-block-audio\"><audio controls src=\"https:\/\/www.terracuranda.org\/tc\/L0-emisiones\/Latitud0240827.mp3\"><\/audio><\/figure>\n\n\n\n<p class=\"wp-block-paragraph\"><strong>27 de agosto 2024<\/strong><\/p>\n\n\n\n<p class=\"wp-block-paragraph\">Marcelo Lino Morales Yokobori dialoga con Entrevista con el Dr. Obdulio Menghi Exjefe cient\u00edfico de CITES y creador de la Fundaci\u00f3n Biodiversidad Argentina. <\/p>\n\n\n\n<h2 class=\"wp-block-heading\">Erick Contag<\/h2>\n\n\n\n<figure class=\"wp-block-image alignwide size-full\"><img loading=\"lazy\" decoding=\"async\" width=\"438\" height=\"314\" src=\"https:\/\/www.terracuranda.org\/tc\/wp-content\/uploads\/2024\/05\/Erick-Contag.png\" alt=\"\" class=\"wp-image-725\" srcset=\"https:\/\/www.terracuranda.org\/tc\/wp-content\/uploads\/2024\/05\/Erick-Contag.png 438w, https:\/\/www.terracuranda.org\/tc\/wp-content\/uploads\/2024\/05\/Erick-Contag-300x215.png 300w, https:\/\/www.terracuranda.org\/tc\/wp-content\/uploads\/2024\/05\/Erick-Contag-24x17.png 24w, https:\/\/www.terracuranda.org\/tc\/wp-content\/uploads\/2024\/05\/Erick-Contag-36x26.png 36w, https:\/\/www.terracuranda.org\/tc\/wp-content\/uploads\/2024\/05\/Erick-Contag-48x34.png 48w\" sizes=\"auto, (max-width: 438px) 100vw, 438px\" \/><\/figure>\n\n\n\n<figure class=\"wp-block-audio\"><audio controls src=\"https:\/\/www.terracuranda.org\/tc\/L0-emisiones\/Latitud0230721.mp3\"><\/audio><\/figure>\n\n\n\n<p class=\"wp-block-paragraph\"><strong>21 de julio 2023<\/strong><\/p>\n\n\n\n<p class=\"wp-block-paragraph\">El experto en telecomunicaciones, Erick Contag, quien se dedica al macroproyecto de internet de cable CELAC &#8211; UE , nos cuenta como la red Clara, tratada en la V Cumbre de las dos orillas del Atl\u00e1ntico, puede realizar cambios esenciales que repercuten en el medioambiente y sociedad.<\/p>\n\n\n\n<h2 class=\"wp-block-heading\">H\u00e9ctor Casanueva<\/h2>\n\n\n\n<figure class=\"wp-block-image alignwide size-full\"><img loading=\"lazy\" decoding=\"async\" width=\"297\" height=\"324\" src=\"https:\/\/www.terracuranda.org\/tc\/wp-content\/uploads\/2024\/05\/Hector-Casanueva.jpg\" alt=\"\" class=\"wp-image-726\" srcset=\"https:\/\/www.terracuranda.org\/tc\/wp-content\/uploads\/2024\/05\/Hector-Casanueva.jpg 297w, https:\/\/www.terracuranda.org\/tc\/wp-content\/uploads\/2024\/05\/Hector-Casanueva-275x300.jpg 275w, https:\/\/www.terracuranda.org\/tc\/wp-content\/uploads\/2024\/05\/Hector-Casanueva-22x24.jpg 22w, https:\/\/www.terracuranda.org\/tc\/wp-content\/uploads\/2024\/05\/Hector-Casanueva-33x36.jpg 33w, https:\/\/www.terracuranda.org\/tc\/wp-content\/uploads\/2024\/05\/Hector-Casanueva-44x48.jpg 44w\" sizes=\"auto, (max-width: 297px) 100vw, 297px\" \/><\/figure>\n\n\n\n<figure class=\"wp-block-audio\"><audio controls src=\"https:\/\/www.terracuranda.org\/tc\/L0-emisiones\/Latitud0230613.mp3\"><\/audio><\/figure>\n\n\n\n<p class=\"wp-block-paragraph\">13<strong> de junio 2023<\/strong><\/p>\n\n\n\n<p class=\"wp-block-paragraph\">Prof. H\u00e9ctor Casanueva (Univ. de Alcal\u00e1 y exembajador de Chile ante la OMC) sobre la historia y prospectiva de la relaci\u00f3n Am\u00e9rica Latina y Europa, y el aporte acad\u00e9mico a la V Cumbre UE-CELAC.<\/p>\n\n\n\n<h2 class=\"wp-block-heading\">Ra\u00fal Ortega Moreno<\/h2>\n\n\n\n<figure class=\"wp-block-image alignwide size-full\"><img loading=\"lazy\" decoding=\"async\" width=\"352\" height=\"264\" src=\"https:\/\/www.terracuranda.org\/tc\/wp-content\/uploads\/2024\/05\/Raul-Ortega-Moreno.jpg\" alt=\"\" class=\"wp-image-728\" srcset=\"https:\/\/www.terracuranda.org\/tc\/wp-content\/uploads\/2024\/05\/Raul-Ortega-Moreno.jpg 352w, https:\/\/www.terracuranda.org\/tc\/wp-content\/uploads\/2024\/05\/Raul-Ortega-Moreno-300x225.jpg 300w, https:\/\/www.terracuranda.org\/tc\/wp-content\/uploads\/2024\/05\/Raul-Ortega-Moreno-24x18.jpg 24w, https:\/\/www.terracuranda.org\/tc\/wp-content\/uploads\/2024\/05\/Raul-Ortega-Moreno-36x27.jpg 36w, https:\/\/www.terracuranda.org\/tc\/wp-content\/uploads\/2024\/05\/Raul-Ortega-Moreno-48x36.jpg 48w\" sizes=\"auto, (max-width: 352px) 100vw, 352px\" \/><\/figure>\n\n\n\n<figure class=\"wp-block-audio\"><audio controls src=\"https:\/\/www.terracuranda.org\/tc\/P2030-emisiones\/Planeta2030230911.mp3\"><\/audio><\/figure>\n\n\n\n<p class=\"wp-block-paragraph\"><strong>11 septiembre de 2023<\/strong><\/p>\n\n\n\n<p class=\"wp-block-paragraph\">Psic\u00f3logo social Ra\u00fal Ortega Moreno de la Universidad Nacional Costa Rica, UNA (Escuela de Psicolog\u00eda UNA) explicando la Agenda 2030 como Pacto Nacional en Costa Rica y el rol de la universidad para ello.<\/p>\n\n\n\n<h2 class=\"wp-block-heading\">Edith Padilla<\/h2>\n\n\n\n<figure class=\"wp-block-image alignwide size-full\"><img loading=\"lazy\" decoding=\"async\" width=\"839\" height=\"599\" src=\"https:\/\/www.terracuranda.org\/tc\/wp-content\/uploads\/2024\/05\/Edith-Padilla.jpg\" alt=\"\" class=\"wp-image-731\" srcset=\"https:\/\/www.terracuranda.org\/tc\/wp-content\/uploads\/2024\/05\/Edith-Padilla.jpg 839w, https:\/\/www.terracuranda.org\/tc\/wp-content\/uploads\/2024\/05\/Edith-Padilla-300x214.jpg 300w, https:\/\/www.terracuranda.org\/tc\/wp-content\/uploads\/2024\/05\/Edith-Padilla-768x548.jpg 768w, https:\/\/www.terracuranda.org\/tc\/wp-content\/uploads\/2024\/05\/Edith-Padilla-24x17.jpg 24w, https:\/\/www.terracuranda.org\/tc\/wp-content\/uploads\/2024\/05\/Edith-Padilla-36x26.jpg 36w, https:\/\/www.terracuranda.org\/tc\/wp-content\/uploads\/2024\/05\/Edith-Padilla-48x34.jpg 48w\" sizes=\"auto, (max-width: 839px) 100vw, 839px\" \/><\/figure>\n\n\n\n<figure class=\"wp-block-audio\"><audio controls src=\"https:\/\/www.terracuranda.org\/tc\/P2030-emisiones\/Planeta2030231106.mp3\"><\/audio><\/figure>\n\n\n\n<p class=\"wp-block-paragraph\">4<strong> de diciembre 2023<\/strong><\/p>\n\n\n\n<p class=\"wp-block-paragraph\">Profesora Edith Padilla de la UNAM dedicada a la educaci\u00f3n semi-rural y adolescente sobre los desaf\u00edos actuales a nivel humano y tecnol\u00f3gico<\/p>\n\n\n\n<h2 class=\"wp-block-heading\">Manuel \u00c1rea Moreira<\/h2>\n\n\n\n<figure class=\"wp-block-image alignwide size-full\"><img loading=\"lazy\" decoding=\"async\" width=\"495\" height=\"495\" src=\"https:\/\/www.terracuranda.org\/tc\/wp-content\/uploads\/2024\/05\/Manuel-Area-Moreira.png\" alt=\"\" class=\"wp-image-734\" srcset=\"https:\/\/www.terracuranda.org\/tc\/wp-content\/uploads\/2024\/05\/Manuel-Area-Moreira.png 495w, https:\/\/www.terracuranda.org\/tc\/wp-content\/uploads\/2024\/05\/Manuel-Area-Moreira-300x300.png 300w, https:\/\/www.terracuranda.org\/tc\/wp-content\/uploads\/2024\/05\/Manuel-Area-Moreira-150x150.png 150w, https:\/\/www.terracuranda.org\/tc\/wp-content\/uploads\/2024\/05\/Manuel-Area-Moreira-24x24.png 24w, https:\/\/www.terracuranda.org\/tc\/wp-content\/uploads\/2024\/05\/Manuel-Area-Moreira-36x36.png 36w, https:\/\/www.terracuranda.org\/tc\/wp-content\/uploads\/2024\/05\/Manuel-Area-Moreira-48x48.png 48w\" sizes=\"auto, (max-width: 495px) 100vw, 495px\" \/><\/figure>\n\n\n\n<figure class=\"wp-block-audio\"><audio controls src=\"https:\/\/www.terracuranda.org\/tc\/P2030-emisiones\/Planeta2030221107.mp3\"><\/audio><\/figure>\n\n\n\n<p class=\"wp-block-paragraph\"><strong>17 de noviembre 2022<\/strong><\/p>\n\n\n\n<p class=\"wp-block-paragraph\">En Planeta 2030 dialogamos sobre la educaci\u00f3n desde los desaf\u00edos de la \u00e9tica, la ecolog\u00eda y la inteligencia artificial con el pedagogo de la ULL Manuel \u00e1rea Moreira<\/p>\n\n\n\n<h2 class=\"wp-block-heading\">Federico Mayor Zaragoza<\/h2>\n\n\n\n<figure class=\"wp-block-image alignwide size-full\"><img loading=\"lazy\" decoding=\"async\" width=\"316\" height=\"341\" src=\"https:\/\/www.terracuranda.org\/tc\/wp-content\/uploads\/2024\/05\/Federico-Mayor-Zaragoza.jpg\" alt=\"\" class=\"wp-image-736\" srcset=\"https:\/\/www.terracuranda.org\/tc\/wp-content\/uploads\/2024\/05\/Federico-Mayor-Zaragoza.jpg 316w, https:\/\/www.terracuranda.org\/tc\/wp-content\/uploads\/2024\/05\/Federico-Mayor-Zaragoza-278x300.jpg 278w, https:\/\/www.terracuranda.org\/tc\/wp-content\/uploads\/2024\/05\/Federico-Mayor-Zaragoza-22x24.jpg 22w, https:\/\/www.terracuranda.org\/tc\/wp-content\/uploads\/2024\/05\/Federico-Mayor-Zaragoza-33x36.jpg 33w, https:\/\/www.terracuranda.org\/tc\/wp-content\/uploads\/2024\/05\/Federico-Mayor-Zaragoza-44x48.jpg 44w\" sizes=\"auto, (max-width: 316px) 100vw, 316px\" \/><\/figure>\n\n\n\n<figure class=\"wp-block-audio\"><audio controls src=\"https:\/\/www.terracuranda.org\/tc\/P2030-emisiones\/Planeta2030230710.mp3\"><\/audio><\/figure>\n\n\n\n<p class=\"wp-block-paragraph\"><strong>10 de julio 2023<\/strong><\/p>\n\n\n\n<p class=\"wp-block-paragraph\">Federico Mayor Zaragoza en la Cumbre Acad\u00e9mica ALC UE.<br>Un dialogo sobre Cultura de paz y universidad, con Federico Mayor, Exdirector de UNESCO y Presidente de la Fundaci\u00f3n Cultura de Paz, en la V Cumbre Acad\u00e9mica Am\u00e9rica Latina y Uni\u00f3n Europea.<\/p>\n\n\n\n<h2 class=\"wp-block-heading\">Ariel Mauro Fern\u00e1ndez<\/h2>\n\n\n\n<figure class=\"wp-block-image alignwide size-full\"><img loading=\"lazy\" decoding=\"async\" width=\"310\" height=\"329\" src=\"https:\/\/www.terracuranda.org\/tc\/wp-content\/uploads\/2023\/03\/Ariel-Mauro-Fernandez-23-ene-2023.png\" alt=\"\" class=\"wp-image-425\" srcset=\"https:\/\/www.terracuranda.org\/tc\/wp-content\/uploads\/2023\/03\/Ariel-Mauro-Fernandez-23-ene-2023.png 310w, https:\/\/www.terracuranda.org\/tc\/wp-content\/uploads\/2023\/03\/Ariel-Mauro-Fernandez-23-ene-2023-283x300.png 283w, https:\/\/www.terracuranda.org\/tc\/wp-content\/uploads\/2023\/03\/Ariel-Mauro-Fernandez-23-ene-2023-24x24.png 24w, https:\/\/www.terracuranda.org\/tc\/wp-content\/uploads\/2023\/03\/Ariel-Mauro-Fernandez-23-ene-2023-34x36.png 34w, https:\/\/www.terracuranda.org\/tc\/wp-content\/uploads\/2023\/03\/Ariel-Mauro-Fernandez-23-ene-2023-45x48.png 45w\" sizes=\"auto, (max-width: 310px) 100vw, 310px\" \/><\/figure>\n\n\n\n<figure class=\"wp-block-audio\"><audio controls src=\"https:\/\/www.terracuranda.org\/tc\/P2030-emisiones\/Planeta2030230123.mp3\"><\/audio><\/figure>\n\n\n\n<p class=\"wp-block-paragraph\"><strong>23 de enero de 2023<\/strong><\/p>\n\n\n\n<p class=\"wp-block-paragraph\">En Planeta 2030 dialogamos con Ariel Mauro Fern\u00e1ndez del&nbsp;INTA &#8211; Delta del Paran\u00e1&nbsp;junto a&nbsp;Marcelo Lino Morales Yokobori&nbsp;. La reserva del Delta argentino es un ejemplo saliente con sus innumerables islas y amables habitantes dedicados a la horticultura, la ganader\u00eda logran vivir sosteniblemente y promover un turismo sostenible.<\/p>\n<\/div>\n<\/div>\n<\/div>\n<\/div>\n<\/div><\/div>\n<\/div>\n<\/div>\n<\/div><\/div>\n\n\n\n<p class=\"wp-block-paragraph\"><\/p>\n","protected":false},"excerpt":{"rendered":"<p>Realizadas por Terra curanda y emitidas por Radio Alma, FM 101.9 de Bruselas, y por Internet en www.radioalma.be Proyecto ERASMUS K2 MAYORES EMBAJADORES Alberto Ferral 2 de septiembre 2024 El Catedr\u00e1tico UNESCO en seguridad humana, Prof. Qu\u00edmico Alberto Ferral. Obdulio Menghi 26 de agosto 2024 El Dr. Obdulio Menghi es un destacado experto en conservaci\u00f3n, [&hellip;]<\/p>\n","protected":false},"author":1,"featured_media":0,"parent":0,"menu_order":0,"comment_status":"closed","ping_status":"closed","template":"","meta":{"footnotes":""},"class_list":["post-723","page","type-page","status-publish","hentry"],"yoast_head":"<!-- This site is optimized with the Yoast SEO plugin v28.3 - https:\/\/yoast.com\/product\/yoast-seo-wordpress\/ -->\n<title>Intervenci\u00f3n de los humanos e impacto en el ecosistema - Cuidemos el planeta<\/title>\n<meta name=\"robots\" content=\"index, follow, max-snippet:-1, max-image-preview:large, max-video-preview:-1\" \/>\n<link rel=\"canonical\" href=\"https:\/\/www.terracuranda.org\/tc\/ecosistema\/\" \/>\n<meta property=\"og:locale\" content=\"es_ES\" \/>\n<meta property=\"og:type\" content=\"article\" \/>\n<meta property=\"og:title\" content=\"Intervenci\u00f3n de los humanos e impacto en el ecosistema - Cuidemos el planeta\" \/>\n<meta property=\"og:description\" content=\"Realizadas por Terra curanda y emitidas por Radio Alma, FM 101.9 de Bruselas, y por Internet en www.radioalma.be Proyecto ERASMUS K2 MAYORES EMBAJADORES Alberto Ferral 2 de septiembre 2024 El Catedr\u00e1tico UNESCO en seguridad humana, Prof. Qu\u00edmico Alberto Ferral. Obdulio Menghi 26 de agosto 2024 El Dr. Obdulio Menghi es un destacado experto en conservaci\u00f3n, [&hellip;]\" \/>\n<meta property=\"og:url\" content=\"https:\/\/www.terracuranda.org\/tc\/ecosistema\/\" \/>\n<meta property=\"og:site_name\" content=\"Cuidemos el planeta\" \/>\n<meta property=\"article:modified_time\" content=\"2024-09-21T14:17:30+00:00\" \/>\n<meta property=\"og:image\" content=\"https:\/\/www.terracuranda.org\/tc\/wp-content\/uploads\/2021\/12\/cropped-Logo-2014-mediano-3.png\" \/>\n\t<meta property=\"og:image:width\" content=\"512\" \/>\n\t<meta property=\"og:image:height\" content=\"512\" \/>\n\t<meta property=\"og:image:type\" content=\"image\/png\" \/>\n<meta name=\"twitter:card\" content=\"summary_large_image\" \/>\n<meta name=\"twitter:label1\" content=\"Tiempo de lectura\" \/>\n\t<meta name=\"twitter:data1\" content=\"3 minutos\" \/>\n<script type=\"application\/ld+json\" class=\"yoast-schema-graph\">{\"@context\":\"https:\\\/\\\/schema.org\",\"@graph\":[{\"@type\":\"WebPage\",\"@id\":\"https:\\\/\\\/www.terracuranda.org\\\/tc\\\/ecosistema\\\/\",\"url\":\"https:\\\/\\\/www.terracuranda.org\\\/tc\\\/ecosistema\\\/\",\"name\":\"Intervenci\u00f3n de los humanos e impacto en el ecosistema - Cuidemos el planeta\",\"isPartOf\":{\"@id\":\"https:\\\/\\\/www.terracuranda.org\\\/tc\\\/#website\"},\"primaryImageOfPage\":{\"@id\":\"https:\\\/\\\/www.terracuranda.org\\\/tc\\\/ecosistema\\\/#primaryimage\"},\"image\":{\"@id\":\"https:\\\/\\\/www.terracuranda.org\\\/tc\\\/ecosistema\\\/#primaryimage\"},\"thumbnailUrl\":\"https:\\\/\\\/www.terracuranda.org\\\/tc\\\/wp-content\\\/uploads\\\/2021\\\/12\\\/cropped-Logo-2014-mediano-3.png\",\"datePublished\":\"2024-05-06T23:47:04+00:00\",\"dateModified\":\"2024-09-21T14:17:30+00:00\",\"breadcrumb\":{\"@id\":\"https:\\\/\\\/www.terracuranda.org\\\/tc\\\/ecosistema\\\/#breadcrumb\"},\"inLanguage\":\"es\",\"potentialAction\":[{\"@type\":\"ReadAction\",\"target\":[\"https:\\\/\\\/www.terracuranda.org\\\/tc\\\/ecosistema\\\/\"]}]},{\"@type\":\"ImageObject\",\"inLanguage\":\"es\",\"@id\":\"https:\\\/\\\/www.terracuranda.org\\\/tc\\\/ecosistema\\\/#primaryimage\",\"url\":\"https:\\\/\\\/www.terracuranda.org\\\/tc\\\/wp-content\\\/uploads\\\/2021\\\/12\\\/cropped-Logo-2014-mediano-3.png\",\"contentUrl\":\"https:\\\/\\\/www.terracuranda.org\\\/tc\\\/wp-content\\\/uploads\\\/2021\\\/12\\\/cropped-Logo-2014-mediano-3.png\",\"width\":512,\"height\":512},{\"@type\":\"BreadcrumbList\",\"@id\":\"https:\\\/\\\/www.terracuranda.org\\\/tc\\\/ecosistema\\\/#breadcrumb\",\"itemListElement\":[{\"@type\":\"ListItem\",\"position\":1,\"name\":\"Portada\",\"item\":\"https:\\\/\\\/www.terracuranda.org\\\/tc\\\/\"},{\"@type\":\"ListItem\",\"position\":2,\"name\":\"Intervenci\u00f3n de los humanos e impacto en el ecosistema\"}]},{\"@type\":\"WebSite\",\"@id\":\"https:\\\/\\\/www.terracuranda.org\\\/tc\\\/#website\",\"url\":\"https:\\\/\\\/www.terracuranda.org\\\/tc\\\/\",\"name\":\"Cuidemos el planeta\",\"description\":\"The Earth should be cared\",\"publisher\":{\"@id\":\"https:\\\/\\\/www.terracuranda.org\\\/tc\\\/#organization\"},\"potentialAction\":[{\"@type\":\"SearchAction\",\"target\":{\"@type\":\"EntryPoint\",\"urlTemplate\":\"https:\\\/\\\/www.terracuranda.org\\\/tc\\\/?s={search_term_string}\"},\"query-input\":{\"@type\":\"PropertyValueSpecification\",\"valueRequired\":true,\"valueName\":\"search_term_string\"}}],\"inLanguage\":\"es\"},{\"@type\":\"Organization\",\"@id\":\"https:\\\/\\\/www.terracuranda.org\\\/tc\\\/#organization\",\"name\":\"Cuidemos el planeta\",\"url\":\"https:\\\/\\\/www.terracuranda.org\\\/tc\\\/\",\"logo\":{\"@type\":\"ImageObject\",\"inLanguage\":\"es\",\"@id\":\"https:\\\/\\\/www.terracuranda.org\\\/tc\\\/#\\\/schema\\\/logo\\\/image\\\/\",\"url\":\"https:\\\/\\\/www.terracuranda.org\\\/tc\\\/wp-content\\\/uploads\\\/2021\\\/12\\\/cropped-Logo-2014-mediano-2.png\",\"contentUrl\":\"https:\\\/\\\/www.terracuranda.org\\\/tc\\\/wp-content\\\/uploads\\\/2021\\\/12\\\/cropped-Logo-2014-mediano-2.png\",\"width\":535,\"height\":395,\"caption\":\"Cuidemos el planeta\"},\"image\":{\"@id\":\"https:\\\/\\\/www.terracuranda.org\\\/tc\\\/#\\\/schema\\\/logo\\\/image\\\/\"}}]}<\/script>\n<!-- \/ Yoast SEO plugin. -->","yoast_head_json":{"title":"Intervenci\u00f3n de los humanos e impacto en el ecosistema - Cuidemos el planeta","robots":{"index":"index","follow":"follow","max-snippet":"max-snippet:-1","max-image-preview":"max-image-preview:large","max-video-preview":"max-video-preview:-1"},"canonical":"https:\/\/www.terracuranda.org\/tc\/ecosistema\/","og_locale":"es_ES","og_type":"article","og_title":"Intervenci\u00f3n de los humanos e impacto en el ecosistema - Cuidemos el planeta","og_description":"Realizadas por Terra curanda y emitidas por Radio Alma, FM 101.9 de Bruselas, y por Internet en www.radioalma.be Proyecto ERASMUS K2 MAYORES EMBAJADORES Alberto Ferral 2 de septiembre 2024 El Catedr\u00e1tico UNESCO en seguridad humana, Prof. Qu\u00edmico Alberto Ferral. Obdulio Menghi 26 de agosto 2024 El Dr. Obdulio Menghi es un destacado experto en conservaci\u00f3n, [&hellip;]","og_url":"https:\/\/www.terracuranda.org\/tc\/ecosistema\/","og_site_name":"Cuidemos el planeta","article_modified_time":"2024-09-21T14:17:30+00:00","og_image":[{"width":512,"height":512,"url":"https:\/\/www.terracuranda.org\/tc\/wp-content\/uploads\/2021\/12\/cropped-Logo-2014-mediano-3.png","type":"image\/png"}],"twitter_card":"summary_large_image","twitter_misc":{"Tiempo de lectura":"3 minutos"},"schema":{"@context":"https:\/\/schema.org","@graph":[{"@type":"WebPage","@id":"https:\/\/www.terracuranda.org\/tc\/ecosistema\/","url":"https:\/\/www.terracuranda.org\/tc\/ecosistema\/","name":"Intervenci\u00f3n de los humanos e impacto en el ecosistema - Cuidemos el planeta","isPartOf":{"@id":"https:\/\/www.terracuranda.org\/tc\/#website"},"primaryImageOfPage":{"@id":"https:\/\/www.terracuranda.org\/tc\/ecosistema\/#primaryimage"},"image":{"@id":"https:\/\/www.terracuranda.org\/tc\/ecosistema\/#primaryimage"},"thumbnailUrl":"https:\/\/www.terracuranda.org\/tc\/wp-content\/uploads\/2021\/12\/cropped-Logo-2014-mediano-3.png","datePublished":"2024-05-06T23:47:04+00:00","dateModified":"2024-09-21T14:17:30+00:00","breadcrumb":{"@id":"https:\/\/www.terracuranda.org\/tc\/ecosistema\/#breadcrumb"},"inLanguage":"es","potentialAction":[{"@type":"ReadAction","target":["https:\/\/www.terracuranda.org\/tc\/ecosistema\/"]}]},{"@type":"ImageObject","inLanguage":"es","@id":"https:\/\/www.terracuranda.org\/tc\/ecosistema\/#primaryimage","url":"https:\/\/www.terracuranda.org\/tc\/wp-content\/uploads\/2021\/12\/cropped-Logo-2014-mediano-3.png","contentUrl":"https:\/\/www.terracuranda.org\/tc\/wp-content\/uploads\/2021\/12\/cropped-Logo-2014-mediano-3.png","width":512,"height":512},{"@type":"BreadcrumbList","@id":"https:\/\/www.terracuranda.org\/tc\/ecosistema\/#breadcrumb","itemListElement":[{"@type":"ListItem","position":1,"name":"Portada","item":"https:\/\/www.terracuranda.org\/tc\/"},{"@type":"ListItem","position":2,"name":"Intervenci\u00f3n de los humanos e impacto en el ecosistema"}]},{"@type":"WebSite","@id":"https:\/\/www.terracuranda.org\/tc\/#website","url":"https:\/\/www.terracuranda.org\/tc\/","name":"Cuidemos el planeta","description":"The Earth should be cared","publisher":{"@id":"https:\/\/www.terracuranda.org\/tc\/#organization"},"potentialAction":[{"@type":"SearchAction","target":{"@type":"EntryPoint","urlTemplate":"https:\/\/www.terracuranda.org\/tc\/?s={search_term_string}"},"query-input":{"@type":"PropertyValueSpecification","valueRequired":true,"valueName":"search_term_string"}}],"inLanguage":"es"},{"@type":"Organization","@id":"https:\/\/www.terracuranda.org\/tc\/#organization","name":"Cuidemos el planeta","url":"https:\/\/www.terracuranda.org\/tc\/","logo":{"@type":"ImageObject","inLanguage":"es","@id":"https:\/\/www.terracuranda.org\/tc\/#\/schema\/logo\/image\/","url":"https:\/\/www.terracuranda.org\/tc\/wp-content\/uploads\/2021\/12\/cropped-Logo-2014-mediano-2.png","contentUrl":"https:\/\/www.terracuranda.org\/tc\/wp-content\/uploads\/2021\/12\/cropped-Logo-2014-mediano-2.png","width":535,"height":395,"caption":"Cuidemos el planeta"},"image":{"@id":"https:\/\/www.terracuranda.org\/tc\/#\/schema\/logo\/image\/"}}]}},"_links":{"self":[{"href":"https:\/\/www.terracuranda.org\/tc\/wp-json\/wp\/v2\/pages\/723","targetHints":{"allow":["GET"]}}],"collection":[{"href":"https:\/\/www.terracuranda.org\/tc\/wp-json\/wp\/v2\/pages"}],"about":[{"href":"https:\/\/www.terracuranda.org\/tc\/wp-json\/wp\/v2\/types\/page"}],"author":[{"embeddable":true,"href":"https:\/\/www.terracuranda.org\/tc\/wp-json\/wp\/v2\/users\/1"}],"replies":[{"embeddable":true,"href":"https:\/\/www.terracuranda.org\/tc\/wp-json\/wp\/v2\/comments?post=723"}],"version-history":[{"count":11,"href":"https:\/\/www.terracuranda.org\/tc\/wp-json\/wp\/v2\/pages\/723\/revisions"}],"predecessor-version":[{"id":895,"href":"https:\/\/www.terracuranda.org\/tc\/wp-json\/wp\/v2\/pages\/723\/revisions\/895"}],"wp:attachment":[{"href":"https:\/\/www.terracuranda.org\/tc\/wp-json\/wp\/v2\/media?parent=723"}],"curies":[{"name":"wp","href":"https:\/\/api.w.org\/{rel}","templated":true}]}}